{"id":542,"date":"2015-11-26T12:31:50","date_gmt":"2015-11-26T12:31:50","guid":{"rendered":"http:\/\/192.168.0.6\/demo\/?page_id=542"},"modified":"2025-11-25T16:00:20","modified_gmt":"2025-11-25T19:00:20","slug":"homepage-gym","status":"publish","type":"page","link":"https:\/\/maratonnocturna.com\/2025\/","title":{"rendered":"Homepage Gym"},"content":{"rendered":"<p>[vc_row row_type=\u00bbfull_width\u00bb bg_select=\u00bbbg_parallax\u00bb anchor=\u00bbinicio\u00bb m_bottom=\u00bb40px\u00bb][vc_column offset=\u00bbvc_hidden-sm vc_hidden-xs\u00bb p_bottom=\u00bb0&#8243; m_bottom=\u00bb0&#8243;][\/vc_column][\/vc_row][vc_row row_type=\u00bbfull_width\u00bb bg_select=\u00bbbg_parallax\u00bb anchor=\u00bbinicio\u00bb p_bottom=\u00bb0&#8243; m_bottom=\u00bb30&#8243;][vc_column offset=\u00bbvc_hidden-lg vc_hidden-md\u00bb][\/vc_column][\/vc_row][vc_row row_type=\u00bbstandard\u00bb bg_select=\u00bbbg_parallax\u00bb parallax_speed=\u00bb4&#8243; p_bottom=\u00bb150&#8243; p_top=\u00bb150&#8243; parallax_img=\u00bb4224&#8243; parallax_overlay=\u00bbrgba(0,0,0,0.43)\u00bb p_left=\u00bb15%\u00bb p_right=\u00bb15%\u00bb][vc_column content_align=\u00bbtext-center\u00bb offset=\u00bbvc_hidden-sm vc_hidden-xs\u00bb][\/vc_column][vc_column width=\u00bb1\/3&#8243; p_top=\u00bb0&#8243; p_bottom=\u00bb0&#8243; m_top=\u00bb0&#8243; m_bottom=\u00bb0&#8243;][vc_single_image image=\u00bb4351&#8243; img_size=\u00bbmedium\u00bb alignment=\u00bbcenter\u00bb css=\u00bb.vc_custom_1757699204169{padding-bottom: 50px !important;}\u00bb][\/vc_column][vc_column width=\u00bb2\/3&#8243; p_left=\u00bb3%\u00bb p_right=\u00bb3%\u00bb]<div class=\"wbc-heading clearfix\"><h2 class=\"default-heading\" style=\"font-size:50px;color:#c1c1c1;text-align:left;margin-bottom:2px;\"><span class=\"wbc-color\" >29 NOVIEMBRE<\/span> 2025<\/h2><\/div>[vc_column_text]<\/p>\n<p style=\"text-align: justify;\">La <strong>Marat\u00f3n Nocturna Ciudad de Mendoza 2025<\/strong> se llevar\u00e1 a cabo el 29<strong>\u00a0de noviembre<\/strong>, con un emocionante recorrido nocturno que promete ser una experiencia inolvidable. La carrera contar\u00e1 con distancia de <strong>10K, <\/strong>y adem\u00e1s de la categor\u00eda <strong>KIDS \/ Familiar<\/strong>\u00a0para que todos puedan participar.<\/p>\n<p style=\"text-align: justify;\">La largada y llegada ser\u00e1n en la explanada de la Casa de Gobierno, ofreciendo un ambiente vibrante y lleno de energ\u00eda. Cada corredor recibir\u00e1 un kit de competici\u00f3n que incluir\u00e1 una remera oficial dise\u00f1ada especialmente para el evento, asegurando comodidad y estilo durante la carrera. Adem\u00e1s, habr\u00e1 puestos de hidrataci\u00f3n estrat\u00e9gicamente ubicados a lo largo del recorrido para mantener a los corredores bien hidratados.<\/p>\n<p style=\"text-align: justify;\">\u00a1No te pierdas la oportunidad de ser parte de esta incre\u00edble carrera nocturna en nuestra hermosa ciudad de Mendoza!<\/p>\n<p>[\/vc_column_text][vc_row_inner][vc_column_inner width=\u00bb1\/2&#8243;]<div style=\"text-align:left\"><a style=\"font-size:15px;width:230px;margin-top:-10px;padding-bottom:15px;padding-top:15px;\" class=\"wbc-button button btn-primary no-hover\" href=\"#inscripcion\" target=\"_self\"  >INSCRIBIRME<\/a><\/div>[\/vc_column_inner][vc_column_inner width=\u00bb1\/2&#8243;]<div style=\"text-align:left\"><a style=\"font-size:15px;width:230px;margin-top:-10px;padding-bottom:15px;padding-top:15px;\" class=\"wbc-button button btn-primary no-hover\" href=\"https:\/\/atresult.com\/evento\/995\" target=\"_blank\"  >VER CLASIFICACI\u00d3N<\/a><\/div>[\/vc_column_inner][\/vc_row_inner][\/vc_column][\/vc_row][vc_row match_height=\u00bbyes\u00bb vertical_center=\u00bbyes\u00bb row_type=\u00bbfull_width\u00bb type=\u00bbfull_screen\u00bb bg_select=\u00bbbg_parallax\u00bb parallax_speed=\u00bb0&#8243; anchor=\u00bbkit\u00bb parallax_img=\u00bb4225&#8243; parallax_overlay=\u00bbrgba(0,0,0,0.43)\u00bb][vc_column width=\u00bb1\/2&#8243; parallax_repeat=\u00bbcover\u00bb bg_image_postions=\u00bbleft center\u00bb parallax_img=\u00bb4225&#8243;][vc_empty_space height=\u00bb70px\u00bb][vc_single_image image=\u00bb4352&#8243; img_size=\u00bbfull\u00bb alignment=\u00bbcenter\u00bb css_animation=\u00bbfadeIn\u00bb css=\u00bb.vc_custom_1757699223834{padding-right: 3% !important;padding-bottom: 50px !important;padding-left: 3% !important;}\u00bb][\/vc_column][vc_column width=\u00bb1\/2&#8243; p_left=\u00bb3%\u00bb p_right=\u00bb3%\u00bb parallax_img=\u00bb4226&#8243; color_overlay=\u00bbrgba(0,0,0,0.43)\u00bb]<div class=\"wbc-heading clearfix\"><h2 class=\"default-heading\" style=\"font-size:12px;color:#c1c1c1;text-align:center;margin-bottom:-5px;margin-top:30px;\">MARAT\u00d3N NOCTURNA CIUDAD DE MENDOZA<\/h2><\/div><div class=\"wbc-heading clearfix\"><h2 class=\"default-heading\" style=\"font-size:70px;color:#c1c1c1;text-align:center;margin-bottom:10px;\">KIT <span class=\"wbc-color\" >2025<\/span><\/h2><\/div><div class=\"wbc-heading clearfix\"><div class=\"default-heading\" style=\"font-size:15px;color:#c1c1c1;text-align:center;margin-bottom:45px;padding-right:20px;padding-left:20px;\">Eleg\u00ed el talle de tu remera al inscribite en la Marat\u00f3n Nocturna Ciudad de Mendoza 2025. En la llegada recibir\u00e1s la imperdible medalla edici\u00f3n 2025<\/div><\/div><div class=\"wbc-icon-box clearfix\" style=\"margin-right:3%;margin-left:15px;\"><div class=\"wbc-icon-wrapper icon-background icon-circle icon-outline icon-img\" style=\"border-color:#ffffff;\" data-custom-hover=\"1\"><span class=\"wbc-icon\" style=\"font-size:100px;color:#f2f2f2;background-color:#ffffff;border-color:#ffffff;\" data-hover-bg-color=\"#ffffff\" data-hover-color=\"#f2f2f2\"><img loading=\"lazy\" decoding=\"async\" src=\"https:\/\/maratonnocturna.com\/2025\/wp-content\/uploads\/2025\/09\/100x100-Remeras.png\" alt=\"100&#215;100 &#8211; Remeras\" width=\"101\" height=\"101\"><\/span><\/div>\n<div class=\"wbc-box-content\"><h4 style=\"color:#f19e31;\">REMERA<\/h4><p style=\"text-align: justify;\"><span style=\"color: #c1c1c1;\">Remera Marat\u00f3n Nocturna Ciudad de Mendoza 2025 con molder\u00eda unisex. Los talles est\u00e1n sujeto a stock al momento de adquirir tu ticket, as\u00ed que hacelo ahora para asegurarte tu talle.<\/span><\/p>\n<\/div><\/div><div class=\"wbc-icon-box clearfix\" style=\"padding-right:3%;padding-left:15px;\"><div class=\"wbc-icon-wrapper icon-background icon-circle icon-outline icon-img\" style=\"border-color:#ffffff;\" data-custom-hover=\"1\"><span class=\"wbc-icon\" style=\"font-size:100px;color:#f2f2f2;background-color:#ffffff;border-color:#ffffff;\" data-hover-bg-color=\"#ffffff\" data-hover-color=\"#f2f2f2\"><img loading=\"lazy\" decoding=\"async\" src=\"https:\/\/maratonnocturna.com\/2025\/wp-content\/uploads\/2025\/09\/100x100-Medallas.png\" alt=\"100&#215;100 &#8211; Medallas\" width=\"101\" height=\"101\"><\/span><\/div>\n<div class=\"wbc-box-content\"><h4 style=\"color:#f19e31;\">MEDALLA<\/h4><p style=\"text-align: justify;\"><span style=\"color: #c1c1c1;\">Medallas de dise\u00f1o 2025. Recibir\u00e1s en la meta tu medalla finisher en canje con el troquel que tiene tu n\u00famero de corredor. No lo retires hasta el canje.<br \/>\n<\/span><\/p>\n<\/div><\/div>[\/vc_column][\/vc_row][vc_row row_type=\u00bbfull_width\u00bb type=\u00bbcontainer\u00bb bg_select=\u00bbbg_parallax\u00bb parallax_speed=\u00bb0&#8243; anchor=\u00bbinformacion\u00bb p_top=\u00bb50&#8243; p_bottom=\u00bb150&#8243; parallax_img=\u00bb4224&#8243; parallax_overlay=\u00bbrgba(0,0,0,0.55)\u00bb][vc_column][vc_tta_accordion active_section=\u00bb2&#8243; collapsible_all=\u00bbtrue\u00bb css=\u00bb.vc_custom_1728410149435{margin-bottom: 100px !important;}\u00bb][vc_tta_section title=\u00bbGu\u00eda de talles\u00bb tab_id=\u00bb1728409923263-e659e43f-8c94&#8243;][vc_single_image image=\u00bb4369&#8243; img_size=\u00bblarge\u00bb alignment=\u00bbcenter\u00bb][\/vc_tta_section][\/vc_tta_accordion]<div class=\"wbc-heading clearfix\"><h2 class=\"default-heading\" style=\"font-size:12px;color:#c1c1c1;text-align:center;margin-bottom:0px;padding-bottom:0px;\">MARAT\u00d3N NOCTURNA CIUDAD DE MENDOZA<\/h2><\/div><div class=\"wbc-heading clearfix\"><h2 class=\"default-heading\" style=\"font-size:40px;text-align:center;\"><span class=\"wbc-color\" >INFORMACI\u00d3N<\/span><\/h2><\/div>[vc_empty_space height=\u00bb50px\u00bb][vc_row_inner][vc_column_inner width=\u00bb1\/4&#8243;]<div class=\"wbc-icon-box clearfix icon-center\" ><div class=\"wbc-icon-wrapper icon-background icon-circle\" ><span class=\"wbc-icon\" style=\"font-size:40px;\"><i class=\"wbc-font-icon vc_li vc_li-calendar\"><\/i><\/span><\/div>\n<div class=\"wbc-box-content\"><h4 style=\"color:#636363;\">FECHA<\/h4><p style=\"text-align: center;\">29 Noviembre 2025<\/p>\n<\/div><\/div>[\/vc_column_inner][vc_column_inner width=\u00bb1\/4&#8243;]<div class=\"wbc-icon-box clearfix icon-center\" ><div class=\"wbc-icon-wrapper icon-background icon-circle\" ><span class=\"wbc-icon\" style=\"font-size:40px;\"><i class=\"wbc-font-icon et-icon-map-pin\"><\/i><\/span><\/div>\n<div class=\"wbc-box-content\"><h4 style=\"color:#636363;\">LUGAR<\/h4><p style=\"text-align: center;\">\u00a0Explanada Casa de Gobierno. Calle Virgen del Carmen<\/p>\n<\/div><\/div>[\/vc_column_inner][vc_column_inner width=\u00bb1\/4&#8243;]<div class=\"wbc-icon-box clearfix icon-center\" ><div class=\"wbc-icon-wrapper icon-background icon-circle\" ><span class=\"wbc-icon\" style=\"font-size:40px;\"><i class=\"wbc-font-icon entypo-icon entypo-icon-down-thin\"><\/i><\/span><\/div>\n<div class=\"wbc-box-content\"><h4 style=\"color:#636363;\">CONVOCATORIA<\/h4><p style=\"text-align: center;\">21:00hs<\/p>\n<\/div><\/div>[\/vc_column_inner][vc_column_inner width=\u00bb1\/4&#8243;]<div class=\"wbc-icon-box clearfix icon-center\" ><div class=\"wbc-icon-wrapper icon-background icon-circle\" ><span class=\"wbc-icon\" style=\"font-size:40px;\"><i class=\"wbc-font-icon vc-oi vc-oi-clock\"><\/i><\/span><\/div>\n<div class=\"wbc-box-content\"><h4 style=\"color:#636363;\">LARGADA<\/h4><p style=\"text-align: center;\">21:30hs<\/p>\n<\/div><\/div>[\/vc_column_inner][\/vc_row_inner][\/vc_column][vc_column][vc_row_inner][vc_column_inner width=\u00bb1\/4&#8243;]<div class=\"wbc-icon-box clearfix icon-center\" ><div class=\"wbc-icon-wrapper icon-background icon-circle\" ><span class=\"wbc-icon\" style=\"font-size:40px;\"><i class=\"wbc-font-icon vc-oi vc-oi-flash\"><\/i><\/span><\/div>\n<div class=\"wbc-box-content\"><h4 style=\"color:#636363;\">DISTANCIAS<\/h4><p style=\"text-align: center;\">10K y KIDS \/ Familiar<\/p>\n<\/div><\/div>[\/vc_column_inner][vc_column_inner width=\u00bb1\/4&#8243;]<div class=\"wbc-icon-box clearfix icon-center\" ><div class=\"wbc-icon-wrapper icon-background icon-circle\" ><span class=\"wbc-icon\" style=\"font-size:40px;\"><i class=\"wbc-font-icon vc-oi vc-oi-moon\"><\/i><\/span><\/div>\n<div class=\"wbc-box-content\"><h4 style=\"color:#636363;\">CLIMA<\/h4><p style=\"text-align: center;\">El evento no se suspende por lluvias<\/p>\n<\/div><\/div>[\/vc_column_inner][vc_column_inner width=\u00bb1\/4&#8243;]<div class=\"wbc-icon-box clearfix icon-center\" ><div class=\"wbc-icon-wrapper icon-background icon-circle\" ><span class=\"wbc-icon\" style=\"font-size:40px;\"><i class=\"wbc-font-icon typcn typcn-shopping-bag\"><\/i><\/span><\/div>\n<div class=\"wbc-box-content\"><h4 style=\"color:#636363;\">GUARDARROPAS<\/h4><p style=\"text-align: center;\">Este evento contar\u00e1 con servicio de guardarropas<\/p>\n<\/div><\/div>[\/vc_column_inner][vc_column_inner width=\u00bb1\/4&#8243;]<div class=\"wbc-icon-box clearfix icon-center\" ><div class=\"wbc-icon-wrapper icon-background icon-circle\" ><span class=\"wbc-icon\" style=\"font-size:40px;\"><i class=\"wbc-font-icon flaticon-medallion\"><\/i><\/span><\/div>\n<div class=\"wbc-box-content\"><h4 style=\"color:#636363;\">MEDALLAS<\/h4><p>Recibir\u00e1s en la meta tu medalla finisher en canje con el troquel que tiene tu n\u00famero de corredor.<\/p>\n<\/div><\/div>[\/vc_column_inner][\/vc_row_inner][\/vc_column][vc_column][vc_row_inner][vc_column_inner width=\u00bb1\/4&#8243;]<div class=\"wbc-icon-box clearfix icon-center\" ><div class=\"wbc-icon-wrapper icon-background icon-circle\" ><span class=\"wbc-icon\" style=\"font-size:40px;\"><i class=\"wbc-font-icon typcn typcn-stopwatch\"><\/i><\/span><\/div>\n<div class=\"wbc-box-content\"><h4 style=\"color:#636363;\">CLASIFICACI\u00d3N<\/h4><p style=\"text-align: justify;\">Disponible luego del evento en este sitio web y se realizar\u00e1 en base al tiempo oficial (bruto) del evento.<\/p>\n<ul>\n<li style=\"text-align: justify;\">Utiliza el n\u00famero de corredor \u00fanicamente en el pecho.<\/li>\n<li style=\"text-align: justify;\">No lo cubras con bolsas o similares.<\/li>\n<li style=\"text-align: justify;\">Al largar y llegar, asegurate de no cubrir el n\u00famero de corredor, si estas manipulando tu propio reloj pulsera.<\/li>\n<li style=\"text-align: justify;\">El chip se encuentra en el troquel al dorso de tu n\u00famero de corredor. No lo despegues ni cortes el troquel hasta canjearlo por tu medalla.<\/li>\n<\/ul>\n<\/div><\/div>[\/vc_column_inner][vc_column_inner width=\u00bb1\/4&#8243;]<div class=\"wbc-icon-box clearfix icon-center\" ><div class=\"wbc-icon-wrapper icon-background icon-circle\" ><span class=\"wbc-icon\" style=\"font-size:40px;\"><i class=\"wbc-font-icon vc_li vc_li-t-shirt\"><\/i><\/span><\/div>\n<div class=\"wbc-box-content\"><h4 style=\"color:#636363;\">RETIRO DE KIT<\/h4><p style=\"text-align: center;\"><strong>Nave Cultural<\/strong><br \/>\nLas Cubas 201, Ciudad de Mendoza<\/p>\n<p style=\"text-align: center;\">Viernes 28 de noviembre<br \/>\n10:00hs a 17:00hs<\/p>\n<p style=\"text-align: center;\">S\u00e1bado 29 de noviembre<br \/>\n10:00hs a 13:00hs<\/p>\n<p style=\"text-align: center;\"><iframe src=\"https:\/\/www.google.com\/maps\/embed?pb=!1m18!1m12!1m3!1d3350.751290095051!2d-68.84193772430295!3d-32.878299273621536!2m3!1f0!2f0!3f0!3m2!1i1024!2i768!4f13.1!3m3!1m2!1s0x967e08e1677cfb7f%3A0x7857ceee521131f8!2sNave%20Cultural!5e0!3m2!1ses!2sar!4v1761233645023!5m2!1ses!2sar\" width=\"300\" height=\"250\" style=\"border:0;\" allowfullscreen=\"\" loading=\"lazy\" referrerpolicy=\"no-referrer-when-downgrade\"><\/iframe><\/p>\n<\/div><\/div>[\/vc_column_inner][vc_column_inner width=\u00bb1\/4&#8243;]<div class=\"wbc-icon-box clearfix icon-center\" ><div class=\"wbc-icon-wrapper icon-background icon-circle\" ><span class=\"wbc-icon\" style=\"font-size:40px;\"><i class=\"wbc-font-icon vc-oi vc-oi-doc\"><\/i><\/span><\/div>\n<div class=\"wbc-box-content\"><h4 style=\"color:#636363;\">DOCUMENTACI\u00d3N<\/h4><p style=\"text-align: center;\"><strong>Acreditado por el titular<\/strong><br \/>\n\u2013 <a href=\"https:\/\/eventick.com.ar\/micuenta\/\" target=\"_blank\" rel=\"noopener\">Eventick Pass<\/a><br \/>\n\u2013 <a href=\"https:\/\/eventick.com.ar\/micuenta\/Eventick_aptomedico.pdf\" target=\"_blank\" rel=\"noopener\">Apto m\u00e9dico<\/a> en tu <a href=\"https:\/\/eventick.com.ar\/micuenta\/\" target=\"_blank\" rel=\"noopener\">Cuenta Eventick<\/a><br \/>\n\u2013 DNI \/ Pasaporte<\/p>\n<p>&nbsp;<\/p>\n<p style=\"text-align: center;\"><strong>Acreditado por un tercero<\/strong><br \/>\n\u2013 <a href=\"https:\/\/eventick.com.ar\/micuenta\/\" target=\"_blank\" rel=\"noopener\">Eventick Pass<\/a><br \/>\n\u2013 <a href=\"https:\/\/eventick.com.ar\/micuenta\/Eventick_aptomedico.pdf\" target=\"_blank\" rel=\"noopener\">Apto m\u00e9dico<\/a> en tu <a href=\"https:\/\/eventick.com.ar\/micuenta\/\" target=\"_blank\" rel=\"noopener\">Cuenta Eventick<\/a><br \/>\n\u2013 Fotocopia DNI del titular<br \/>\n\u2013 Fotocopia DNI de quien retira<\/p>\n<p>&nbsp;<\/p>\n<p style=\"text-align: center;\"><span style=\"font-size: 12px;\"><strong>(*) El apto m\u00e9dico es requerido para 10K<\/strong><\/span><\/p>\n<\/div><\/div>[\/vc_column_inner][vc_column_inner width=\u00bb1\/4&#8243;]<div class=\"wbc-icon-box clearfix icon-center\" ><div class=\"wbc-icon-wrapper icon-background icon-circle\" ><span class=\"wbc-icon\" style=\"font-size:40px;\"><i class=\"wbc-font-icon vc-oi vc-oi-attach\"><\/i><\/span><\/div>\n<div class=\"wbc-box-content\"><h4 style=\"color:#636363;\">APTO Y FIRMA<\/h4><p style=\"text-align: justify;\"><strong>El apto m\u00e9dico es requerido \u00fanicamente para 10K<\/strong><\/p>\n<p style=\"text-align: justify;\">Tiene una vigencia de 1 a\u00f1o a partir de la fecha en que te realizas el estudio.<\/p>\n<p style=\"text-align: justify;\">Si no lo hiciste anteriormente, pod\u00e9s cargar el apto ingresando en tu <a href=\"https:\/\/eventick.com.ar\/micuenta\/\" target=\"_blank\" rel=\"noopener\">Cuenta Eventick<\/a> &gt; secci\u00f3n Documentaci\u00f3n<\/p>\n<p style=\"text-align: justify;\">FIRMA DIGITAL: Para descargar tu Eventick Pass, deber\u00e1s realizar tu firma digital. La misma debe coincidir con la del DNI\/Pasaporte declarado. Validaremos tu firma cuando te acredites en el evento.<\/p>\n<\/div><\/div>[\/vc_column_inner][\/vc_row_inner][\/vc_column][vc_column][vc_row_inner css=\u00bb.vc_custom_1726075358235{padding-top: 50px !important;}\u00bb][vc_column_inner width=\u00bb1\/4&#8243;]<div style=\"text-align:center\"><a style=\"font-size:16px;width:265px;margin-top:15px;padding-bottom:15px;padding-top:15px;\" class=\"wbc-button button btn-primary no-hover\" href=\"#inscripcion\" target=\"_self\"  >\u00a1 INSCRIBIRME !<\/a><\/div>[\/vc_column_inner][vc_column_inner width=\u00bb1\/4&#8243;]<div style=\"text-align:center\"><a style=\"font-size:16px;width:265px;margin-top:15px;padding-bottom:15px;padding-top:15px;\" class=\"wbc-button button btn-primary no-hover\" href=\"https:\/\/docs.google.com\/document\/d\/e\/2PACX-1vSeEppcswb3pHnkbQCmQIdtIeZRIhV_kxIvFQ-BeHmcQMPhgxLpqbpK9YTjrUIukw\/pub\" target=\"_blank\"  >REGLAMENTO 2025<\/a><\/div>[\/vc_column_inner][vc_column_inner width=\u00bb1\/4&#8243;]<div style=\"text-align:center\"><a style=\"font-size:16px;width:265px;margin-top:15px;padding-bottom:15px;padding-top:15px;\" class=\"wbc-button button btn-primary no-hover\" href=\"https:\/\/eventick.com.ar\/micuenta\/\" target=\"_blank\"  >MODELO APTO<\/a><\/div>[\/vc_column_inner][vc_column_inner width=\u00bb1\/4&#8243;]<div style=\"text-align:center\"><a style=\"font-size:16px;width:265px;margin-top:15px;padding-bottom:15px;padding-top:15px;\" class=\"wbc-button button btn-primary no-hover\" href=\"https:\/\/eventick.com.ar\/micuenta\/\" target=\"_blank\"  >EVENTICK PASS<\/a><\/div>[\/vc_column_inner][\/vc_row_inner][\/vc_column][vc_column][\/vc_column][\/vc_row][vc_row row_type=\u00bbfull_width\u00bb type=\u00bbcontainer\u00bb bg_select=\u00bbbg_parallax\u00bb parallax_speed=\u00bb0&#8243; p_bottom=\u00bb100&#8243; anchor=\u00bbinscripcion\u00bb p_top=\u00bb150&#8243; parallax_img=\u00bb4226&#8243; parallax_overlay=\u00bbrgba(0,0,0,0.55)\u00bb border_color=\u00bb#0a0a0a\u00bb][vc_column]<div class=\"wbc-heading clearfix\"><h2 class=\"default-heading\" style=\"font-size:12px;color:#c1c1c1;text-align:center;margin-bottom:0px;padding-bottom:0px;\">MARAT\u00d3N NOCTURNA CIUDAD DE MENDOZA<\/h2><\/div><div class=\"wbc-heading clearfix\"><h2 class=\"default-heading\" style=\"font-size:40px;color:#c1c1c1;text-align:center;\"><span class=\"wbc-color\" >INSCRIPCIONES<\/span> 2025<\/h2><\/div><div class=\"wbc-heading clearfix\"><div class=\"default-heading\" style=\"font-size:14px;color:#c1c1c1;text-align:center;margin-bottom:45px;padding-right:15%;padding-left:15%;\">La Marat\u00f3n Nocturna Ciudad de Mendoza 2025 se llevar\u00e1 a cabo el 29 de noviembre, con un emocionante recorrido nocturno que promete ser una experiencia inolvidable. La carrera contar\u00e1 con distancia de 10K, y adem\u00e1s de la categor\u00eda KIDS \/ Familiar para que todos puedan participar.<\/div><\/div>[\/vc_column][vc_column width=\u00bb1\/2&#8243;]<div class=\"wbc-price-table\"><div class=\"plan-head\">10K<\/div><div class=\"plan-price\"><span class=\"plan-cost\">2025<\/span><span class=\"plan-info\"><\/span><\/div>\n<ul>\n<li>Inscripci\u00f3n para Marat\u00f3n Nocturna Ciudad de Mendoza<\/li>\n<li>Remera unisex<\/li>\n<li>N\u00famero de corredor 10K con chip descartable<\/li>\n<li>Bolsa guardarropas<\/li>\n<li>Guardarropas general<\/li>\n<li>Hidrataci\u00f3n<\/li>\n<li>Medalla finisher en llegada<\/li>\n<\/ul>\n<\/div><div style=\"text-align:center\"><a style=\"font-size:16px;width:265px;margin-bottom:50px;margin-top:15px;padding-bottom:15px;padding-top:15px;\" class=\"wbc-button button btn-primary no-hover\" href=\"https:\/\/eventick.com.ar\/evento\/349\" target=\"_self\"  >INSCRIBIRME<\/a><\/div>[\/vc_column][vc_column width=\u00bb1\/2&#8243;]<div class=\"wbc-price-table\"><div class=\"plan-head\">KID \/ FAMILIAR<\/div><div class=\"plan-price\"><span class=\"plan-cost\">2025<\/span><span class=\"plan-info\"><\/span><\/div>\n<ul>\n<li>Inscripci\u00f3n para Marat\u00f3n Nocturna Ciudad de Mendoza<\/li>\n<li>Remera unisex<\/li>\n<li>N\u00famero de corredor<\/li>\n<li>Bolsa guardarropas<\/li>\n<li>Guardarropas general<\/li>\n<li>Hidrataci\u00f3n<\/li>\n<li>Medalla finisher en llegada<\/li>\n<\/ul>\n<\/div><div style=\"text-align:center\"><a style=\"font-size:16px;width:265px;margin-bottom:50px;margin-top:15px;padding-bottom:15px;padding-top:15px;\" class=\"wbc-button button btn-primary no-hover\" href=\"https:\/\/eventick.com.ar\/evento\/349\" target=\"_self\"  >INSCRIBIRME<\/a><\/div>[\/vc_column][vc_column]<div class=\"wbc-heading clearfix\"><div class=\"default-heading\" style=\"font-size:9px;color:#c1c1c1;text-align:center;margin-bottom:45px;margin-top:30px;\">Los valores se muestran en la ticketera y son expresados en pesos argentinos disponible hasta cambio de fecha o agotar lote sin previo aviso. Extranjeros se cobra en pesos argentinos, consulte con su banco o tarjeta la tasa de conversi\u00f3n a su moneda local. Todas las im\u00e1genes son ilustrativas y est\u00e1n sujetas a cambios, modificaciones de colores y dise\u00f1os sin previo aviso. Cambios y modificaciones en la compra, posterior al pago podr\u00edan tener costos adicionales por parte de la ticketera. Consulte el reglamento del evento para m\u00e1s informaci\u00f3n en el sitio web del evento.<\/div><\/div>[\/vc_column][\/vc_row][vc_row row_type=\u00bbfull_width\u00bb type=\u00bbcontainer\u00bb bg_select=\u00bbbg_parallax\u00bb parallax_speed=\u00bb0&#8243; p_bottom=\u00bb100&#8243; anchor=\u00bbcircuito\u00bb parallax_img=\u00bb4226&#8243; parallax_overlay=\u00bbrgba(0,0,0,0.55)\u00bb border_color=\u00bb#0a0a0a\u00bb][vc_column]<div class=\"wbc-heading clearfix\"><h2 class=\"default-heading\" style=\"font-size:13px;color:#c1c1c1;text-align:center;margin-bottom:0px;padding-bottom:0px;\">MARAT\u00d3N NOCTURNA CIUDAD DE MENDOZA<\/h2><\/div><div class=\"wbc-heading clearfix\"><h2 class=\"default-heading\" style=\"font-size:40px;color:#c1c1c1;text-align:center;padding-bottom:50px;\"><span class=\"wbc-color\" >CIRCUITO<\/span> 2025<\/h2><\/div>[\/vc_column][vc_column][vc_gmaps link=\u00bb#E-8_JTNDaWZyYW1lJTIwc3JjJTNEJTIyaHR0cHMlM0ElMkYlMkZ3d3cuZ29vZ2xlLmNvbSUyRm1hcHMlMkZkJTJGZW1iZWQlM0ZtaWQlM0QxaVhiUnUtbjVYUUhYd0c2NE52STFLSE9xbklwbGlxSSUyNmVoYmMlM0QyRTMxMkYlMjIlMjB3aWR0aCUzRCUyMjY0MCUyMiUyMGhlaWdodCUzRCUyMjY4MCUyMiUzRSUzQyUyRmlmcmFtZSUzRQ==\u00bb][\/vc_column][\/vc_row][vc_row row_type=\u00bbfull_width\u00bb type=\u00bbcontainer\u00bb bg_select=\u00bbbg_parallax\u00bb parallax_speed=\u00bb0&#8243; p_bottom=\u00bb100&#8243; anchor=\u00bbcircuito\u00bb parallax_img=\u00bb4226&#8243; parallax_overlay=\u00bbrgba(0,0,0,0.55)\u00bb border_color=\u00bb#0a0a0a\u00bb][vc_column][vc_single_image image=\u00bb4337&#8243; img_size=\u00bbfull\u00bb alignment=\u00bbcenter\u00bb][\/vc_column][vc_column width=\u00bb1\/3&#8243;][vc_single_image image=\u00bb4371&#8243; img_size=\u00bbfull\u00bb alignment=\u00bbcenter\u00bb][\/vc_column][vc_column width=\u00bb1\/3&#8243;][vc_single_image image=\u00bb4360&#8243; img_size=\u00bbfull\u00bb alignment=\u00bbcenter\u00bb][\/vc_column][vc_column width=\u00bb1\/3&#8243;][vc_single_image image=\u00bb4363&#8243; img_size=\u00bbfull\u00bb alignment=\u00bbcenter\u00bb css=\u00bb.vc_custom_1762884979256{padding-bottom: 20px !important;}\u00bb][\/vc_column][vc_column width=\u00bb1\/3&#8243;][vc_single_image image=\u00bb4026&#8243; img_size=\u00bbfull\u00bb alignment=\u00bbcenter\u00bb][\/vc_column][vc_column width=\u00bb1\/3&#8243;][vc_single_image image=\u00bb4158&#8243; img_size=\u00bbfull\u00bb alignment=\u00bbcenter\u00bb][\/vc_column][vc_column width=\u00bb1\/3&#8243;][vc_single_image image=\u00bb3944&#8243; img_size=\u00bbfull\u00bb alignment=\u00bbcenter\u00bb][\/vc_column][\/vc_row]<\/p>\n","protected":false},"excerpt":{"rendered":"<p>[vc_row row_type=\u00bbfull_width\u00bb bg_select=\u00bbbg_parallax\u00bb anchor=\u00bbinicio\u00bb m_bottom=\u00bb40px\u00bb][vc_column offset=\u00bbvc_hidden-sm vc_hidden-xs\u00bb p_bottom=\u00bb0&#8243; m_bottom=\u00bb0&#8243;][\/vc_column][\/vc_row][vc_row row_type=\u00bbfull_width\u00bb bg_select=\u00bbbg_parallax\u00bb anchor=\u00bbinicio\u00bb p_bottom=\u00bb0&#8243; m_bottom=\u00bb30&#8243;][vc_column offset=\u00bbvc_hidden-lg vc_hidden-md\u00bb][\/vc_column][\/vc_row][vc_row row_type=\u00bbstandard\u00bb bg_select=\u00bbbg_parallax\u00bb parallax_speed=\u00bb4&#8243; p_bottom=\u00bb150&#8243; p_top=\u00bb150&#8243; parallax_img=\u00bb4224&#8243; parallax_overlay=\u00bbrgba(0,0,0,0.43)\u00bb p_left=\u00bb15%\u00bb p_right=\u00bb15%\u00bb][vc_column content_align=\u00bbtext-center\u00bb offset=\u00bbvc_hidden-sm vc_hidden-xs\u00bb][\/vc_column][vc_column width=\u00bb1\/3&#8243; p_top=\u00bb0&#8243; p_bottom=\u00bb0&#8243; m_top=\u00bb0&#8243; m_bottom=\u00bb0&#8243;][vc_single_image image=\u00bb4351&#8243; img_size=\u00bbmedium\u00bb alignment=\u00bbcenter\u00bb css=\u00bb.vc_custom_1757699204169{padding-bottom: 50px !important;}\u00bb][\/vc_column][vc_column width=\u00bb2\/3&#8243; p_left=\u00bb3%\u00bb p_right=\u00bb3%\u00bb][vc_column_text] La Marat\u00f3n Nocturna Ciudad de Mendoza 2025 se llevar\u00e1 a cabo el 29\u00a0de [&hellip;]<\/p>\n","protected":false},"author":1,"featured_media":0,"parent":0,"menu_order":0,"comment_status":"closed","ping_status":"closed","template":"template-page-full.php","meta":{"footnotes":""},"class_list":["post-542","page","type-page","status-publish","hentry"],"_links":{"self":[{"href":"https:\/\/maratonnocturna.com\/2025\/wp-json\/wp\/v2\/pages\/542","targetHints":{"allow":["GET"]}}],"collection":[{"href":"https:\/\/maratonnocturna.com\/2025\/wp-json\/wp\/v2\/pages"}],"about":[{"href":"https:\/\/maratonnocturna.com\/2025\/wp-json\/wp\/v2\/types\/page"}],"author":[{"embeddable":true,"href":"https:\/\/maratonnocturna.com\/2025\/wp-json\/wp\/v2\/users\/1"}],"replies":[{"embeddable":true,"href":"https:\/\/maratonnocturna.com\/2025\/wp-json\/wp\/v2\/comments?post=542"}],"version-history":[{"count":1790,"href":"https:\/\/maratonnocturna.com\/2025\/wp-json\/wp\/v2\/pages\/542\/revisions"}],"predecessor-version":[{"id":4377,"href":"https:\/\/maratonnocturna.com\/2025\/wp-json\/wp\/v2\/pages\/542\/revisions\/4377"}],"wp:attachment":[{"href":"https:\/\/maratonnocturna.com\/2025\/wp-json\/wp\/v2\/media?parent=542"}],"curies":[{"name":"wp","href":"https:\/\/api.w.org\/{rel}","templated":true}]}}